{"id":689,"date":"2021-04-14T22:17:38","date_gmt":"2021-04-14T20:17:38","guid":{"rendered":"https:\/\/europedirectmaramures.cdimm.org\/?page_id=689"},"modified":"2021-11-16T13:29:17","modified_gmt":"2021-11-16T11:29:17","slug":"retele-eu-in-regiunea-nv","status":"publish","type":"page","link":"https:\/\/europedirectmaramures.cdimm.org\/?page_id=689","title":{"rendered":"Uniunea European\u0103 \u00een Regiunea NV"},"content":{"rendered":"\t\t<div data-elementor-type=\"wp-page\" data-elementor-id=\"689\" class=\"elementor elementor-689\" data-elementor-post-type=\"page\">\n\t\t\t\t\t\t<section class=\"elementor-section elementor-top-section elementor-element elementor-element-1eb66cfd elementor-section-height-min-height elementor-section-boxed elementor-section-height-default elementor-section-items-middle\" data-id=\"1eb66cfd\" data-element_type=\"section\" data-e-type=\"section\" data-settings=\"{&quot;background_background&quot;:&quot;gradient&quot;,&quot;shape_divider_bottom&quot;:&quot;waves&quot;}\">\n\t\t\t\t\t\t\t<div class=\"elementor-background-overlay\"><\/div>\n\t\t\t\t\t\t<div class=\"elementor-shape elementor-shape-bottom\" aria-hidden=\"true\" data-negative=\"false\">\n\t\t\t<svg xmlns=\"http:\/\/www.w3.org\/2000\/svg\" viewBox=\"0 0 1000 100\" preserveAspectRatio=\"none\">\n\t<path class=\"elementor-shape-fill\" d=\"M421.9,6.5c22.6-2.5,51.5,0.4,75.5,5.3c23.6,4.9,70.9,23.5,100.5,35.7c75.8,32.2,133.7,44.5,192.6,49.7\n\tc23.6,2.1,48.7,3.5,103.4-2.5c54.7-6,106.2-25.6,106.2-25.6V0H0v30.3c0,0,72,32.6,158.4,30.5c39.2-0.7,92.8-6.7,134-22.4\n\tc21.2-8.1,52.2-18.2,79.7-24.2C399.3,7.9,411.6,7.5,421.9,6.5z\"\/>\n<\/svg>\t\t<\/div>\n\t\t\t\t\t<div class=\"elementor-container elementor-column-gap-default\">\n\t\t\t\t\t<div class=\"elementor-column elementor-col-100 elementor-top-column elementor-element elementor-element-2f3753\" data-id=\"2f3753\" data-element_type=\"column\" data-e-type=\"column\">\n\t\t\t<div class=\"elementor-widget-wrap elementor-element-populated\">\n\t\t\t\t\t\t<div class=\"elementor-element elementor-element-4a61bfb6 elementor-widget elementor-widget-heading\" data-id=\"4a61bfb6\" data-element_type=\"widget\" data-e-type=\"widget\" data-widget_type=\"heading.default\">\n\t\t\t\t<div class=\"elementor-widget-container\">\n\t\t\t\t\t<h1 class=\"elementor-heading-title elementor-size-default\">Re\u021bele EU \u00een Regiunea NV<\/h1>\t\t\t\t<\/div>\n\t\t\t\t<\/div>\n\t\t\t\t\t<\/div>\n\t\t<\/div>\n\t\t\t\t\t<\/div>\n\t\t<\/section>\n\t\t\t\t<section class=\"elementor-section elementor-top-section elementor-element elementor-element-3e5a07d elementor-section-boxed elementor-section-height-default elementor-section-height-default\" data-id=\"3e5a07d\" data-element_type=\"section\" data-e-type=\"section\">\n\t\t\t\t\t\t<div class=\"elementor-container elementor-column-gap-default\">\n\t\t\t\t\t<div class=\"elementor-column elementor-col-100 elementor-top-column elementor-element elementor-element-6d398e6\" data-id=\"6d398e6\" data-element_type=\"column\" data-e-type=\"column\" data-settings=\"{&quot;background_background&quot;:&quot;classic&quot;}\">\n\t\t\t<div class=\"elementor-widget-wrap elementor-element-populated\">\n\t\t\t\t\t\t<section class=\"elementor-section elementor-inner-section elementor-element elementor-element-4f64a43 elementor-section-boxed elementor-section-height-default elementor-section-height-default\" data-id=\"4f64a43\" data-element_type=\"section\" data-e-type=\"section\">\n\t\t\t\t\t\t<div class=\"elementor-container elementor-column-gap-default\">\n\t\t\t\t\t<div class=\"elementor-column elementor-col-50 elementor-inner-column elementor-element elementor-element-2786160\" data-id=\"2786160\" data-element_type=\"column\" data-e-type=\"column\" data-settings=\"{&quot;background_background&quot;:&quot;classic&quot;}\">\n\t\t\t<div class=\"elementor-widget-wrap elementor-element-populated\">\n\t\t\t\t\t\t<div class=\"elementor-element elementor-element-98218aa elementor-widget elementor-widget-text-editor\" data-id=\"98218aa\" data-element_type=\"widget\" data-e-type=\"widget\" data-widget_type=\"text-editor.default\">\n\t\t\t\t<div class=\"elementor-widget-container\">\n\t\t\t\t\t\t\t\t\t<p>Enterprise Europe Network \u2013 la UNIVERSITATEA TEHNIC\u0102 Cluj Napoca (<a href=\"http:\/\/www.utcluj.ro\">www.utcluj.ro<\/a>)<\/p><div class=\"contact__row\"><div class=\"contact__text\"><p class=\"contact__title\">Re\u021beaua \u00eentreprinderilor europene ajut\u0103 \u00eentreprinderile s\u0103 inoveze \u0219i s\u0103 se dezvolte la scar\u0103 interna\u021bional\u0103. Este cea mai mare re\u021bea de sprijin din lume pentru \u00eentreprinderile mici \u0219i mijlocii (IMM-uri) cu ambi\u021bii interna\u021bionale.<\/p><\/div><\/div><div class=\"contact__row\"><div class=\"contact__icon-col\"><div class=\"contact__icon\"><p>Re\u021beaua este activ\u0103 \u00een peste 60 de \u021b\u0103ri din \u00eentreaga lume. Acesta reune\u0219te 3.000 de exper\u021bi din peste 600 de organiza\u021bii membre \u2013 toate renumite pentru excelen\u021ba lor \u00een sprijinul pentru afaceri.<\/p><p>Printre organiza\u021biile membre se num\u0103r\u0103:<\/p><ul><li>poli tehnologici<\/li><li>organiza\u021bii de sprijinire a inov\u0103rii<\/li><li>universit\u0103\u021bi \u0219i institute de cercetare<\/li><li>organiza\u021bii de dezvoltare regional\u0103<\/li><li>camere de comer\u021b \u0219i industrie<\/li><\/ul><p>\u00centreprinderile individuale nu pot deveni membre ale re\u021belei, dar se pot bucura de numeroasele servicii oferite.<\/p><p>Servicii de afaceri<\/p><ul><li>Echipele de exper\u021bi \u00een re\u021bea din fiecare organiza\u021bie membr\u0103 ofer\u0103 servicii personalizate \u00eentreprinderilor.<\/li><li>Ei cunosc mediul de afaceri local \u0219i au contacte pentru oportunit\u0103\u021bi de afaceri la nivel mondial.<\/li><li>Re\u021beaua poate oferi, de asemenea, o abordare orientat\u0103 care vizeaz\u0103 \u00een mod specific sectorul dumneavoastr\u0103 de afaceri. Grupurile sale de exper\u021bi acoper\u0103 toate sectoarele economice cheie, de la asisten\u021b\u0103 medical\u0103 la agroaliment, de la energia inteligent\u0103 la mod\u0103 \u0219i textile.<\/li><\/ul><p><strong>Adresa: <\/strong>Str. Daicoviciu nr. 15, Cluj-Napoca, <a href=\"https:\/\/een.ec.europa.eu\/about\/branches\/romania\">Romania,\u00a0<\/a>e-mail <a href=\"mailto:opi@staff.utcluj.ro\">opi@staff.utcluj.ro,\u00a0<\/a>tel: +40 264401320<\/p><\/div><\/div><\/div>\t\t\t\t\t\t\t\t<\/div>\n\t\t\t\t<\/div>\n\t\t\t\t\t<\/div>\n\t\t<\/div>\n\t\t\t\t<div class=\"elementor-column elementor-col-50 elementor-inner-column elementor-element elementor-element-ee593f0\" data-id=\"ee593f0\" data-element_type=\"column\" data-e-type=\"column\" data-settings=\"{&quot;background_background&quot;:&quot;classic&quot;}\">\n\t\t\t<div class=\"elementor-widget-wrap elementor-element-populated\">\n\t\t\t\t\t\t<div class=\"elementor-element elementor-element-052dece elementor-widget elementor-widget-image\" data-id=\"052dece\" data-element_type=\"widget\" data-e-type=\"widget\" data-widget_type=\"image.default\">\n\t\t\t\t<div class=\"elementor-widget-container\">\n\t\t\t\t\t\t\t\t\t\t\t\t\t\t\t<img decoding=\"async\" width=\"161\" height=\"133\" src=\"https:\/\/europedirectmaramures.cdimm.org\/europedirectmm\/wp-content\/uploads\/2021\/05\/EEN.png\" class=\"attachment-1536x1536 size-1536x1536 wp-image-2115\" alt=\"\" \/>\t\t\t\t\t\t\t\t\t\t\t\t\t\t\t<\/div>\n\t\t\t\t<\/div>\n\t\t\t\t<div class=\"elementor-element elementor-element-ddf0db2 elementor-widget elementor-widget-image\" data-id=\"ddf0db2\" data-element_type=\"widget\" data-e-type=\"widget\" data-widget_type=\"image.default\">\n\t\t\t\t<div class=\"elementor-widget-container\">\n\t\t\t\t\t\t\t\t\t\t\t\t\t\t\t<img fetchpriority=\"high\" decoding=\"async\" width=\"513\" height=\"396\" src=\"https:\/\/europedirectmaramures.cdimm.org\/europedirectmm\/wp-content\/uploads\/2021\/05\/UTCN.png\" class=\"attachment-large size-large wp-image-2120\" alt=\"\" srcset=\"https:\/\/europedirectmaramures.cdimm.org\/europedirectmm\/wp-content\/uploads\/2021\/05\/UTCN.png 513w, https:\/\/europedirectmaramures.cdimm.org\/europedirectmm\/wp-content\/uploads\/2021\/05\/UTCN-300x232.png 300w\" sizes=\"(max-width: 513px) 100vw, 513px\" \/>\t\t\t\t\t\t\t\t\t\t\t\t\t\t\t<\/div>\n\t\t\t\t<\/div>\n\t\t\t\t\t<\/div>\n\t\t<\/div>\n\t\t\t\t\t<\/div>\n\t\t<\/section>\n\t\t\t\t<section class=\"elementor-section elementor-inner-section elementor-element elementor-element-554ce85 elementor-section-content-middle elementor-section-boxed elementor-section-height-default elementor-section-height-default\" data-id=\"554ce85\" data-element_type=\"section\" data-e-type=\"section\">\n\t\t\t\t\t\t<div class=\"elementor-container elementor-column-gap-default\">\n\t\t\t\t\t<div class=\"elementor-column elementor-col-66 elementor-inner-column elementor-element elementor-element-c566835\" data-id=\"c566835\" data-element_type=\"column\" data-e-type=\"column\" data-settings=\"{&quot;background_background&quot;:&quot;classic&quot;}\">\n\t\t\t<div class=\"elementor-widget-wrap elementor-element-populated\">\n\t\t\t\t\t\t<div class=\"elementor-element elementor-element-941da20 elementor-widget elementor-widget-text-editor\" data-id=\"941da20\" data-element_type=\"widget\" data-e-type=\"widget\" data-widget_type=\"text-editor.default\">\n\t\t\t\t<div class=\"elementor-widget-container\">\n\t\t\t\t\t\t\t\t\t<p><strong>ADR Nord-Vest cu sediul \u00een Cluj-Napoca<\/strong>\u00a0<\/p><p>Agen\u0163ia de Dezvoltare Regional\u0103 (ADR) Nord-Vest\u00a0a fost constituit\u0103 \u00een conformitate cu Legea 151\/1998 prin hot\u0103r\u00e2rea nr. 4\/ 16.12.1998 a Consiliului pentru Dezvoltare Regional\u0103 (CDR) al Regiunii de Dezvoltare Nord-Vest, ca organism de utilitate public\u0103, cu personalitate juridic\u0103, ce ac\u0163ioneaz\u0103 \u00een domenii specifice dezvolt\u0103rii regionale.<\/p><p>ADR Nord-Vest\u00a0este organismul executiv al Consiliului pentru Dezvoltare Regional\u0103 al Regiunii de Dezvoltare Nord-Vest.<\/p><p><a href=\"https:\/\/www.google.ro\/maps\/@46.7711996,23.598841,3a,75y,351.12h,101.56t\/data=!3m6!1e1!3m4!1shkHTcJ9Nqi-LsoCkYa6hWA!2e0!7i13312!8i6656\">Calea Doroban\u0163ilor nr.3<\/a>, <a href=\"https:\/\/www.google.ro\/maps\/@46.7711996,23.598841,3a,75y,351.12h,101.56t\/data=!3m6!1e1!3m4!1shkHTcJ9Nqi-LsoCkYa6hWA!2e0!7i13312!8i6656\">Cluj Napoca, Cluj. Cod po\u015ftal : 400118<\/a><br \/>Tel : 00-40-264-431550 Fax : 00-40-264-439222<br \/>e-mail : secretariat@nord-vest.ro<br \/><a href=\"https:\/\/www.nord-vest.ro\/\">https:\/\/www.nord-vest.ro\/<\/a><\/p>\t\t\t\t\t\t\t\t<\/div>\n\t\t\t\t<\/div>\n\t\t\t\t\t<\/div>\n\t\t<\/div>\n\t\t\t\t<div class=\"elementor-column elementor-col-33 elementor-inner-column elementor-element elementor-element-8a2593b\" data-id=\"8a2593b\" data-element_type=\"column\" data-e-type=\"column\" data-settings=\"{&quot;background_background&quot;:&quot;classic&quot;}\">\n\t\t\t<div class=\"elementor-widget-wrap elementor-element-populated\">\n\t\t\t\t\t\t<div class=\"elementor-element elementor-element-c1b5b7b elementor-widget elementor-widget-image\" data-id=\"c1b5b7b\" data-element_type=\"widget\" data-e-type=\"widget\" data-widget_type=\"image.default\">\n\t\t\t\t<div class=\"elementor-widget-container\">\n\t\t\t\t\t\t\t\t\t\t\t\t\t\t\t<img decoding=\"async\" width=\"244\" height=\"82\" src=\"https:\/\/europedirectmaramures.cdimm.org\/europedirectmm\/wp-content\/uploads\/2021\/05\/logo-ADRNV.png\" class=\"attachment-large size-large wp-image-2126\" alt=\"\" \/>\t\t\t\t\t\t\t\t\t\t\t\t\t\t\t<\/div>\n\t\t\t\t<\/div>\n\t\t\t\t\t<\/div>\n\t\t<\/div>\n\t\t\t\t\t<\/div>\n\t\t<\/section>\n\t\t\t\t<section class=\"elementor-section elementor-inner-section elementor-element elementor-element-90c1dff elementor-section-boxed elementor-section-height-default elementor-section-height-default\" data-id=\"90c1dff\" data-element_type=\"section\" data-e-type=\"section\">\n\t\t\t\t\t\t<div class=\"elementor-container elementor-column-gap-default\">\n\t\t\t\t\t<div class=\"elementor-column elementor-col-66 elementor-inner-column elementor-element elementor-element-03a15a9\" data-id=\"03a15a9\" data-element_type=\"column\" data-e-type=\"column\" data-settings=\"{&quot;background_background&quot;:&quot;classic&quot;}\">\n\t\t\t<div class=\"elementor-widget-wrap elementor-element-populated\">\n\t\t\t\t\t\t<div class=\"elementor-element elementor-element-ff512ed elementor-widget elementor-widget-text-editor\" data-id=\"ff512ed\" data-element_type=\"widget\" data-e-type=\"widget\" data-widget_type=\"text-editor.default\">\n\t\t\t\t<div class=\"elementor-widget-container\">\n\t\t\t\t\t\t\t\t\t<p><strong>AJOFM Maramure\u0219 membru \u00een Re\u021beaua EURES<\/strong>\u00a0<\/p><p align=\"justify\">Serviciile retelei nationale EURES pot fi furnizate doar de entitati autorizate (de ex. Agentia Nationala pentru Ocuparea Fortei de Munca, prin structurile sale teritoriale) si de organizatii acreditate, care satisfac anumite cerinte legale. Aceste entitati au statutul de membri EURES sau parteneri EURES \u2013 in functie de serviciile pe care ofera si sarcinile pe care le indeplinesc in retea, conform prevederilor Regulamentului (UE) EURES nr.589\/2016 \u2013 si ofera servicii EURES prin personal desemnat in acest sens.<\/p><p align=\"justify\">Un membru EURES ofer\u0103 o gam\u0103 complet\u0103 de servicii EURES, \u00een timp ce un partener EURES are o ofert\u0103 de servicii mai limitat\u0103, \u00een func\u021bie de dimensiunea organiza\u021biei sau de caracterul celorlalte servicii furnizate \u00een mod normal.<\/p><p>Baia Mare, str. Hortensiei nr. 1 A<\/p><p>Nr. telefon: 0262.227.821\u00a0Nr. fax: 0262.227.829<\/p><p>E-mail:\u00a0<a href=\"mailto:ajofm@mm.anofm.ro\">ajofm@mm.anofm.ro<\/a>\u00a0\u00a0<\/p><p>Pagina web:\u00a0<a title=\"www.maramures.anofm.ro\" href=\"http:\/\/www.maramures.anofm.ro\/\">www.maramures.anofm.ro<\/a><\/p>\t\t\t\t\t\t\t\t<\/div>\n\t\t\t\t<\/div>\n\t\t\t\t\t<\/div>\n\t\t<\/div>\n\t\t\t\t<div class=\"elementor-column elementor-col-33 elementor-inner-column elementor-element elementor-element-38421f8\" data-id=\"38421f8\" data-element_type=\"column\" data-e-type=\"column\" data-settings=\"{&quot;background_background&quot;:&quot;classic&quot;}\">\n\t\t\t<div class=\"elementor-widget-wrap elementor-element-populated\">\n\t\t\t\t\t\t<div class=\"elementor-element elementor-element-434d130 elementor-widget elementor-widget-image\" data-id=\"434d130\" data-element_type=\"widget\" data-e-type=\"widget\" data-widget_type=\"image.default\">\n\t\t\t\t<div class=\"elementor-widget-container\">\n\t\t\t\t\t\t\t\t\t\t\t\t\t\t\t<img loading=\"lazy\" decoding=\"async\" width=\"448\" height=\"83\" src=\"https:\/\/europedirectmaramures.cdimm.org\/europedirectmm\/wp-content\/uploads\/2021\/04\/AJOFM_MM.png\" class=\"attachment-large size-large wp-image-1563\" alt=\"\" srcset=\"https:\/\/europedirectmaramures.cdimm.org\/europedirectmm\/wp-content\/uploads\/2021\/04\/AJOFM_MM.png 448w, https:\/\/europedirectmaramures.cdimm.org\/europedirectmm\/wp-content\/uploads\/2021\/04\/AJOFM_MM-300x56.png 300w\" sizes=\"(max-width: 448px) 100vw, 448px\" \/>\t\t\t\t\t\t\t\t\t\t\t\t\t\t\t<\/div>\n\t\t\t\t<\/div>\n\t\t\t\t<div class=\"elementor-element elementor-element-7f8b3f6 elementor-widget elementor-widget-image\" data-id=\"7f8b3f6\" data-element_type=\"widget\" data-e-type=\"widget\" data-widget_type=\"image.default\">\n\t\t\t\t<div class=\"elementor-widget-container\">\n\t\t\t\t\t\t\t\t\t\t\t\t\t\t\t<img loading=\"lazy\" decoding=\"async\" width=\"212\" height=\"238\" src=\"https:\/\/europedirectmaramures.cdimm.org\/europedirectmm\/wp-content\/uploads\/2021\/05\/eures_logo.png\" class=\"attachment-medium size-medium wp-image-2137\" alt=\"\" \/>\t\t\t\t\t\t\t\t\t\t\t\t\t\t\t<\/div>\n\t\t\t\t<\/div>\n\t\t\t\t\t<\/div>\n\t\t<\/div>\n\t\t\t\t\t<\/div>\n\t\t<\/section>\n\t\t\t\t<section class=\"elementor-section elementor-inner-section elementor-element elementor-element-1b71705 elementor-section-boxed elementor-section-height-default elementor-section-height-default\" data-id=\"1b71705\" data-element_type=\"section\" data-e-type=\"section\">\n\t\t\t\t\t\t<div class=\"elementor-container elementor-column-gap-default\">\n\t\t\t\t\t<div class=\"elementor-column elementor-col-66 elementor-inner-column elementor-element elementor-element-606c3d5\" data-id=\"606c3d5\" data-element_type=\"column\" data-e-type=\"column\" data-settings=\"{&quot;background_background&quot;:&quot;classic&quot;}\">\n\t\t\t<div class=\"elementor-widget-wrap elementor-element-populated\">\n\t\t\t\t\t\t<div class=\"elementor-element elementor-element-3e74ae8 elementor-widget elementor-widget-text-editor\" data-id=\"3e74ae8\" data-element_type=\"widget\" data-e-type=\"widget\" data-widget_type=\"text-editor.default\">\n\t\t\t\t<div class=\"elementor-widget-container\">\n\t\t\t\t\t\t\t\t\t<p><strong>Agen\u021bia pentru Finan\u021barea Investi\u021biilor Rurale<\/strong> \u00a0<strong>Maramure\u0219<\/strong><\/p><div>Odat\u0103 cu integrarea \u00een Uniunea European\u0103, Rom\u00e2nia urmeaz\u0103, \u00een ceea ce prive\u015fte agricultura \u015fi dezvoltarea rural\u0103, principiile Politicii Agricole Comune (<span title=\"Catre Glosar\">\u00a0PAC<\/span>), care reprezint\u0103 un set de reguli \u015fi\u00a0<span title=\"Catre Glosar\">m\u0103suri<\/span> care vizeaz\u0103 \u00een principal cre\u015fterea productivit\u0103\u0163ii, garantarea unui nivel de via\u0163\u0103 echitabil popula\u0163iei din agricultur\u0103, stabilizarea pie\u0163elor, garantarea securit\u0103\u0163ii aprovizion\u0103rilor, asigurarea consumatorului cu provizii la pre\u0163uri ra\u0163ionale.<br \/>Potrivit Reglement\u0103rii Consiliului Europei nr. 1290\/2005 privind finan\u0163area politicii agricole comune, s-au creat dou\u0103 fonduri europene pentru agricultur\u0103:<\/div><div><strong>&#8211;\u00a0<span title=\"Catre Glosar\">\u00a0FEGA<\/span><\/strong>\u00a0&#8211; Fondul European de Garantare Agricol\u0103 &#8211; pentru\u00a0<span title=\"Catre Glosar\">m\u0103surile<\/span>\u00a0de reglementare\u00a0<span title=\"Catre Glosar\">sau<\/span>\u00a0sprijinire a pie\u021belor agricole \u0219i pentru pl\u0103\u021bile directe c\u0103tre agricultori \u00een contextul politicii agricole comune<\/div><div>&#8211;\u00a0<strong><span title=\"Catre Glosar\">FEADR<\/span><\/strong>\u00a0&#8211; Fondul European Agricol\u00a0pentru Dezvoltare Rural\u0103 &#8211; pentru finan\u0163area programelor de dezvoltare rural\u0103.<\/div><div>Str. Gheorghe \u015eincai, nr. 46,\u00a0Baia Mare, Jude\u0163ul Maramure\u015f<br \/><strong>Tel:<\/strong>\u00a0 0262 \/ 215. 016;<br \/><strong>E-mail:\u00a0<\/strong>secretariat.maramures@<span title=\"Catre Glosar\">\u00a0afir<\/span>.info\u00a0\u00a0<\/div><div><a href=\"https:\/\/portal.afir.info\/informatii_institutionale_structuri_teritoriale_oficii_judetene_ojfir_maramures\">https:\/\/portal.afir.info\/informatii_institutionale_structuri_teritoriale_oficii_judetene_ojfir_maramures<\/a><\/div>\t\t\t\t\t\t\t\t<\/div>\n\t\t\t\t<\/div>\n\t\t\t\t\t<\/div>\n\t\t<\/div>\n\t\t\t\t<div class=\"elementor-column elementor-col-33 elementor-inner-column elementor-element elementor-element-c8625b2\" data-id=\"c8625b2\" data-element_type=\"column\" data-e-type=\"column\" data-settings=\"{&quot;background_background&quot;:&quot;classic&quot;}\">\n\t\t\t<div class=\"elementor-widget-wrap elementor-element-populated\">\n\t\t\t\t\t\t<div class=\"elementor-element elementor-element-b55cb64 elementor-widget elementor-widget-image\" data-id=\"b55cb64\" data-element_type=\"widget\" data-e-type=\"widget\" data-widget_type=\"image.default\">\n\t\t\t\t<div class=\"elementor-widget-container\">\n\t\t\t\t\t\t\t\t\t\t\t\t\t\t\t<img loading=\"lazy\" decoding=\"async\" width=\"378\" height=\"164\" src=\"https:\/\/europedirectmaramures.cdimm.org\/europedirectmm\/wp-content\/uploads\/2021\/05\/AFIRMM.png\" class=\"attachment-large size-large wp-image-2144\" alt=\"\" srcset=\"https:\/\/europedirectmaramures.cdimm.org\/europedirectmm\/wp-content\/uploads\/2021\/05\/AFIRMM.png 378w, https:\/\/europedirectmaramures.cdimm.org\/europedirectmm\/wp-content\/uploads\/2021\/05\/AFIRMM-300x130.png 300w\" sizes=\"(max-width: 378px) 100vw, 378px\" \/>\t\t\t\t\t\t\t\t\t\t\t\t\t\t\t<\/div>\n\t\t\t\t<\/div>\n\t\t\t\t\t<\/div>\n\t\t<\/div>\n\t\t\t\t\t<\/div>\n\t\t<\/section>\n\t\t\t\t<section class=\"elementor-section elementor-inner-section elementor-element elementor-element-f83bf74 elementor-section-boxed elementor-section-height-default elementor-section-height-default\" data-id=\"f83bf74\" data-element_type=\"section\" data-e-type=\"section\">\n\t\t\t\t\t\t<div class=\"elementor-container elementor-column-gap-default\">\n\t\t\t\t\t<div class=\"elementor-column elementor-col-66 elementor-inner-column elementor-element elementor-element-1dd63c2\" data-id=\"1dd63c2\" data-element_type=\"column\" data-e-type=\"column\" data-settings=\"{&quot;background_background&quot;:&quot;classic&quot;}\">\n\t\t\t<div class=\"elementor-widget-wrap elementor-element-populated\">\n\t\t\t\t\t\t<div class=\"elementor-element elementor-element-60b3910 elementor-widget elementor-widget-text-editor\" data-id=\"60b3910\" data-element_type=\"widget\" data-e-type=\"widget\" data-widget_type=\"text-editor.default\">\n\t\t\t\t<div class=\"elementor-widget-container\">\n\t\t\t\t\t\t\t\t\t<p><strong>Centrul EUROPE DIRECT Bistri\u021ba-N\u0103s\u0103ud<\/strong><\/p><p>Centrul de informare EUROPE DIRECT BISTRI\u021aA-N\u0102S\u0102UD este membru al re\u021belei Europe Direct din Rom\u00e2nia, care, la r\u00e2ndul ei, face parte dintr-o re\u021bea de centre la nivel european. Aceste centre aduc Europa mai aproape de cet\u0103\u021beni \u0219i \u00eei ajut\u0103 s\u0103 se implice \u00een dezbateri privind viitorul UE. Re\u021beaua este administrat\u0103 de Comisia European\u0103. Pute\u021bi s\u0103 ne contacta\u021bi dac\u0103 ave\u021bi \u00eentreb\u0103ri despre politicile, programele \u0219i priorit\u0103\u021bile UE \u0219i dac\u0103 dori\u021bi s\u0103 v\u0103 implica\u021bi \u00een evenimente privind viitorul UE. De asemenea, ne deplas\u0103m \u00een \u0219coli, unde organiz\u0103m prezent\u0103ri, derul\u0103m discu\u021bii despre UE \u0219i distribuim publica\u021bii oficiale. Toate serviciile noastre sunt oferite gratuit.<\/p><p>Casa Argintarului &#8211; Centrul German Bistri\u021ba, Str. Dornei, Nr. 5, Bistri\u021ba, Jude\u021bul Bistri\u021ba-N\u0103s\u0103ud<\/p><p>Tel: +40 771 294 416<br \/>E-mail:\u00a0<a href=\"mailto:europedirectbn@produsbn.ro\">europedirectbn@produsbn.ro<\/a><\/p><p><a href=\"https:\/\/europedirect.produsbn.ro\/\">Centrul de informare \u2013 EUROPE DIRECT BISTRI\u021aA-N\u0102S\u0102UD (produsbn.ro)<\/a><\/p>\t\t\t\t\t\t\t\t<\/div>\n\t\t\t\t<\/div>\n\t\t\t\t\t<\/div>\n\t\t<\/div>\n\t\t\t\t<div class=\"elementor-column elementor-col-33 elementor-inner-column elementor-element elementor-element-174a22d\" data-id=\"174a22d\" data-element_type=\"column\" data-e-type=\"column\" data-settings=\"{&quot;background_background&quot;:&quot;classic&quot;}\">\n\t\t\t<div class=\"elementor-widget-wrap elementor-element-populated\">\n\t\t\t\t\t\t<div class=\"elementor-element elementor-element-56015c4 elementor-widget elementor-widget-image\" data-id=\"56015c4\" data-element_type=\"widget\" data-e-type=\"widget\" data-widget_type=\"image.default\">\n\t\t\t\t<div class=\"elementor-widget-container\">\n\t\t\t\t\t\t\t\t\t\t\t\t\t\t\t<img loading=\"lazy\" decoding=\"async\" width=\"800\" height=\"842\" src=\"https:\/\/europedirectmaramures.cdimm.org\/europedirectmm\/wp-content\/uploads\/2021\/09\/ED-BN-1-973x1024.png\" class=\"attachment-large size-large wp-image-3481\" alt=\"\" srcset=\"https:\/\/europedirectmaramures.cdimm.org\/europedirectmm\/wp-content\/uploads\/2021\/09\/ED-BN-1-973x1024.png 973w, https:\/\/europedirectmaramures.cdimm.org\/europedirectmm\/wp-content\/uploads\/2021\/09\/ED-BN-1-285x300.png 285w, https:\/\/europedirectmaramures.cdimm.org\/europedirectmm\/wp-content\/uploads\/2021\/09\/ED-BN-1-768x808.png 768w, https:\/\/europedirectmaramures.cdimm.org\/europedirectmm\/wp-content\/uploads\/2021\/09\/ED-BN-1.png 990w\" sizes=\"(max-width: 800px) 100vw, 800px\" \/>\t\t\t\t\t\t\t\t\t\t\t\t\t\t\t<\/div>\n\t\t\t\t<\/div>\n\t\t\t\t\t<\/div>\n\t\t<\/div>\n\t\t\t\t\t<\/div>\n\t\t<\/section>\n\t\t\t\t<section class=\"elementor-section elementor-inner-section elementor-element elementor-element-452f35d elementor-section-boxed elementor-section-height-default elementor-section-height-default\" data-id=\"452f35d\" data-element_type=\"section\" data-e-type=\"section\">\n\t\t\t\t\t\t<div class=\"elementor-container elementor-column-gap-default\">\n\t\t\t\t\t<div class=\"elementor-column elementor-col-66 elementor-inner-column elementor-element elementor-element-f01ac89\" data-id=\"f01ac89\" data-element_type=\"column\" data-e-type=\"column\" data-settings=\"{&quot;background_background&quot;:&quot;classic&quot;}\">\n\t\t\t<div class=\"elementor-widget-wrap elementor-element-populated\">\n\t\t\t\t\t\t<div class=\"elementor-element elementor-element-26fd192 elementor-widget elementor-widget-text-editor\" data-id=\"26fd192\" data-element_type=\"widget\" data-e-type=\"widget\" data-widget_type=\"text-editor.default\">\n\t\t\t\t<div class=\"elementor-widget-container\">\n\t\t\t\t\t\t\t\t\t<p><strong>Centrul EUROPE DIRECT Cluj<\/strong><\/p><p>EUROPE DIRECT CLUJ, noul birou local al Uniunii Europene, este membru al re\u021belei Europe Direct din Rom\u00e2nia, care, la r\u00e2ndul s\u0103u, face parte dintr-o re\u021bea de centre la nivel european, fiind administrate de Comisia European\u0103. Aceste centre aduc Europa mai aproape de cet\u0103\u021beni \u0219i \u00eei ajut\u0103 s\u0103 se implice concret \u00een dezbateri punctuale privind viitorul UE.<\/p><p>Europe Direct Cluj este g\u0103zduit, \u00eencep\u00e2nd cu luna mai 2021, de Centrul de Voluntariat Cluj-Napoca, una dintre cele mai vechi \u0219i mai de impact organiza\u021bii neguvernamentale din Cluj.<\/p><p>ADRESA: str. Virgil Fulicea,nr. 1, ap. 1, cod 400022 Cluj-Napoca, Cluj, Transilvania, Romania<\/p><p>TEL:\u00a0<a href=\"tel:+40 264 431 411\">+40 264 431 411\u00a0<\/a>TEL MOBIL:<a href=\"tel: +40 755 777 011\">\u00a0+40 755 777 011<\/a><br \/>EMAIL: europedirect.cluj@voluntariat.ro<\/p><p><a href=\"https:\/\/centruldevoluntariat.ro\/despre-europe-direct-cluj\/\">Despre EUROPE DIRECT Cluj &#8211; Centrul de Voluntariat Cluj-Napoca<\/a><\/p>\t\t\t\t\t\t\t\t<\/div>\n\t\t\t\t<\/div>\n\t\t\t\t\t<\/div>\n\t\t<\/div>\n\t\t\t\t<div class=\"elementor-column elementor-col-33 elementor-inner-column elementor-element elementor-element-eec76c7\" data-id=\"eec76c7\" data-element_type=\"column\" data-e-type=\"column\" data-settings=\"{&quot;background_background&quot;:&quot;classic&quot;}\">\n\t\t\t<div class=\"elementor-widget-wrap elementor-element-populated\">\n\t\t\t\t\t\t<div class=\"elementor-element elementor-element-a449c8d elementor-widget elementor-widget-image\" data-id=\"a449c8d\" data-element_type=\"widget\" data-e-type=\"widget\" data-widget_type=\"image.default\">\n\t\t\t\t<div class=\"elementor-widget-container\">\n\t\t\t\t\t\t\t\t\t\t\t\t\t\t\t<img loading=\"lazy\" decoding=\"async\" width=\"213\" height=\"250\" src=\"https:\/\/europedirectmaramures.cdimm.org\/europedirectmm\/wp-content\/uploads\/2021\/05\/deschidere-europe-direct-cluj.jpg\" class=\"attachment-large size-large wp-image-2160\" alt=\"\" \/>\t\t\t\t\t\t\t\t\t\t\t\t\t\t\t<\/div>\n\t\t\t\t<\/div>\n\t\t\t\t\t<\/div>\n\t\t<\/div>\n\t\t\t\t\t<\/div>\n\t\t<\/section>\n\t\t\t\t<section class=\"elementor-section elementor-inner-section elementor-element elementor-element-20b4ef1 elementor-section-boxed elementor-section-height-default elementor-section-height-default\" data-id=\"20b4ef1\" data-element_type=\"section\" data-e-type=\"section\">\n\t\t\t\t\t\t<div class=\"elementor-container elementor-column-gap-default\">\n\t\t\t\t\t<div class=\"elementor-column elementor-col-66 elementor-inner-column elementor-element elementor-element-44f7ad6\" data-id=\"44f7ad6\" data-element_type=\"column\" data-e-type=\"column\" data-settings=\"{&quot;background_background&quot;:&quot;classic&quot;}\">\n\t\t\t<div class=\"elementor-widget-wrap elementor-element-populated\">\n\t\t\t\t\t\t<div class=\"elementor-element elementor-element-656db4b elementor-widget elementor-widget-text-editor\" data-id=\"656db4b\" data-element_type=\"widget\" data-e-type=\"widget\" data-widget_type=\"text-editor.default\">\n\t\t\t\t<div class=\"elementor-widget-container\">\n\t\t\t\t\t\t\t\t\t<p><strong>Centrul EUROPE DIRECT Oradea<\/strong><\/p><p>EUROPE DIRECT Oradea este un centru de informare despre activit\u0103\u021bile Uniunii Europene, destinat tuturor cet\u0103\u021benilor. Centrul va fi g\u0103zduit la sediul Funda\u021biei Comunitare Oradea, acesta fiind unul din programele organiza\u021biei pentru anii 2021-2025.<\/p><div class=\"uk-panel uk-margin uk-text-left uk-scrollspy-inview \">Oradea, Str. Republicii 30, etajul II,<br \/>cod po\u0219tal 410087, jud. Bihor, Rom\u00e2nia<\/div><ul class=\"uk-list uk-scrollspy-inview \"><li class=\"el-item\"><div class=\"uk-child-width-expand uk-grid-small uk-grid\"><div class=\"uk-width-auto uk-first-column\"><div class=\"el-title uk-margin-remove\">Telefon <a class=\"uk-link-reset\" href=\"tel:+40743295486\">+40 743 295 486<\/a><\/div><\/div><\/div><\/li><\/ul><div class=\"uk-child-width-expand uk-grid-small uk-grid\"><div class=\"uk-width-auto uk-first-column\"><ul><li class=\"el-title uk-margin-remove\">Email <a class=\"uk-link-reset\" href=\"mailto:europedirectoradea@fundatiacomunitaraoradea.ro\">europedirectoradea@fundatiacomunitaraoradea.ro<\/a><\/li><li><a href=\"https:\/\/europedirectoradea.ro\/\">https:\/\/europedirectoradea.ro\/<\/a>\u00a0<\/li><\/ul><\/div><\/div>\t\t\t\t\t\t\t\t<\/div>\n\t\t\t\t<\/div>\n\t\t\t\t\t<\/div>\n\t\t<\/div>\n\t\t\t\t<div class=\"elementor-column elementor-col-33 elementor-inner-column elementor-element elementor-element-7d765a3\" data-id=\"7d765a3\" data-element_type=\"column\" data-e-type=\"column\">\n\t\t\t<div class=\"elementor-widget-wrap elementor-element-populated\">\n\t\t\t\t\t\t<div class=\"elementor-element elementor-element-58f6068 elementor-widget elementor-widget-image\" data-id=\"58f6068\" data-element_type=\"widget\" data-e-type=\"widget\" data-widget_type=\"image.default\">\n\t\t\t\t<div class=\"elementor-widget-container\">\n\t\t\t\t\t\t\t\t\t\t\t\t\t\t\t<img loading=\"lazy\" decoding=\"async\" width=\"800\" height=\"941\" src=\"https:\/\/europedirectmaramures.cdimm.org\/europedirectmm\/wp-content\/uploads\/2021\/07\/WhatsApp-Image-2021-05-19-at-16.32.36-871x1024.jpeg\" class=\"attachment-large size-large wp-image-3130\" alt=\"\" srcset=\"https:\/\/europedirectmaramures.cdimm.org\/europedirectmm\/wp-content\/uploads\/2021\/07\/WhatsApp-Image-2021-05-19-at-16.32.36-871x1024.jpeg 871w, https:\/\/europedirectmaramures.cdimm.org\/europedirectmm\/wp-content\/uploads\/2021\/07\/WhatsApp-Image-2021-05-19-at-16.32.36-255x300.jpeg 255w, https:\/\/europedirectmaramures.cdimm.org\/europedirectmm\/wp-content\/uploads\/2021\/07\/WhatsApp-Image-2021-05-19-at-16.32.36-768x903.jpeg 768w, https:\/\/europedirectmaramures.cdimm.org\/europedirectmm\/wp-content\/uploads\/2021\/07\/WhatsApp-Image-2021-05-19-at-16.32.36.jpeg 887w\" sizes=\"(max-width: 800px) 100vw, 800px\" \/>\t\t\t\t\t\t\t\t\t\t\t\t\t\t\t<\/div>\n\t\t\t\t<\/div>\n\t\t\t\t\t<\/div>\n\t\t<\/div>\n\t\t\t\t\t<\/div>\n\t\t<\/section>\n\t\t\t\t<section class=\"elementor-section elementor-inner-section elementor-element elementor-element-bc3035f elementor-section-boxed elementor-section-height-default elementor-section-height-default\" data-id=\"bc3035f\" data-element_type=\"section\" data-e-type=\"section\">\n\t\t\t\t\t\t<div class=\"elementor-container elementor-column-gap-default\">\n\t\t\t\t\t<div class=\"elementor-column elementor-col-66 elementor-inner-column elementor-element elementor-element-f27a631\" data-id=\"f27a631\" data-element_type=\"column\" data-e-type=\"column\" data-settings=\"{&quot;background_background&quot;:&quot;classic&quot;}\">\n\t\t\t<div class=\"elementor-widget-wrap elementor-element-populated\">\n\t\t\t\t\t\t<div class=\"elementor-element elementor-element-8e40c4a elementor-widget elementor-widget-text-editor\" data-id=\"8e40c4a\" data-element_type=\"widget\" data-e-type=\"widget\" data-widget_type=\"text-editor.default\">\n\t\t\t\t<div class=\"elementor-widget-container\">\n\t\t\t\t\t\t\t\t\t<p><strong>FILIALA TRANSILVANIA A ASOCIATIEI ROMANE PENTRU INDUSTRIA ELECTRONICA SI DE SOFTWARE (www.aries-transilvania.ro)<\/strong><\/p><p>Filiala Transilvania a ARIES are sediul \u00een Cluj-Napoca \u0219i este fondat\u0103 de peste 95 de membri precum: companii, reprezentan\u021bi ai administra\u021biei locale, universit\u0103\u021bi, institute de cercetare, institu\u021bii catalizator \u0219i alte entit\u0103\u021bi regionale \u0219i locale de inovare interesate de schimbul de transfer de cuno\u0219tin\u021be, bune practici \u00een cercetare \u0219i oportunit\u0103\u021bi de afaceri.<\/p><div class=\"contact__row\"><div class=\"contact__text\">BD NICOLAE TITLESCU, 4, ET 1, 400420 Cluj-Napoca, <a href=\"https:\/\/een.ec.europa.eu\/about\/branches\/romania\">Romania<\/a> , e-mail: <a href=\"mailto:contact@aries-transilvania.ro\">contact@aries-transilvania.ro<\/a> tel: +40742225045<\/div><\/div>\t\t\t\t\t\t\t\t<\/div>\n\t\t\t\t<\/div>\n\t\t\t\t\t<\/div>\n\t\t<\/div>\n\t\t\t\t<div class=\"elementor-column elementor-col-33 elementor-inner-column elementor-element elementor-element-8bc5a5e\" data-id=\"8bc5a5e\" data-element_type=\"column\" data-e-type=\"column\" data-settings=\"{&quot;background_background&quot;:&quot;classic&quot;}\">\n\t\t\t<div class=\"elementor-widget-wrap elementor-element-populated\">\n\t\t\t\t\t\t<div class=\"elementor-element elementor-element-d75c81a elementor-widget elementor-widget-image\" data-id=\"d75c81a\" data-element_type=\"widget\" data-e-type=\"widget\" data-widget_type=\"image.default\">\n\t\t\t\t<div class=\"elementor-widget-container\">\n\t\t\t\t\t\t\t\t\t\t\t\t\t\t\t<img loading=\"lazy\" decoding=\"async\" width=\"240\" height=\"129\" src=\"https:\/\/europedirectmaramures.cdimm.org\/europedirectmm\/wp-content\/uploads\/2021\/05\/logo-cu-slogan-aries1.png\" class=\"attachment-large size-large wp-image-2116\" alt=\"\" \/>\t\t\t\t\t\t\t\t\t\t\t\t\t\t\t<\/div>\n\t\t\t\t<\/div>\n\t\t\t\t\t<\/div>\n\t\t<\/div>\n\t\t\t\t\t<\/div>\n\t\t<\/section>\n\t\t\t\t<section class=\"elementor-section elementor-inner-section elementor-element elementor-element-52a57be elementor-section-boxed elementor-section-height-default elementor-section-height-default\" data-id=\"52a57be\" data-element_type=\"section\" data-e-type=\"section\">\n\t\t\t\t\t\t<div class=\"elementor-container elementor-column-gap-default\">\n\t\t\t\t\t<div class=\"elementor-column elementor-col-66 elementor-inner-column elementor-element elementor-element-d3d8e25\" data-id=\"d3d8e25\" data-element_type=\"column\" data-e-type=\"column\">\n\t\t\t<div class=\"elementor-widget-wrap elementor-element-populated\">\n\t\t\t\t\t\t<div class=\"elementor-element elementor-element-886d00b elementor-widget elementor-widget-text-editor\" data-id=\"886d00b\" data-element_type=\"widget\" data-e-type=\"widget\" data-widget_type=\"text-editor.default\">\n\t\t\t\t<div class=\"elementor-widget-container\">\n\t\t\t\t\t\t\t\t\t<h5><strong>Eurodesk Rom\u00e2nia<\/strong><\/h5><p>Din 1990,\u00a0<a href=\"https:\/\/eurodesk.eu\/\">Eurodesk<\/a>\u00a0r\u0103spunde la solicit\u0103rile tinerilor legate de oportunit\u0103\u021bile de finan\u021bare ale Uniunii Europene, precum \u0219i la cele legate de mobilitate. Serviciul de informare Eurodesk faciliteaz\u0103 gratuit accesul la informa\u021bii europene de interes pentru tineri \u0219i pentru cei care lucreaz\u0103 cu tinerii \u00een\u00a0<a href=\"https:\/\/map.eurodesk.eu\/\">36 de \u021b\u0103ri europene<\/a>.<\/p><p>Europa nu duce lips\u0103 de oportunit\u0103\u021bi, iar Eurodesk \u00ee\u021bi ofer\u0103 informa\u021bia de care ai nevoie, exact atunci c\u00e2nd \u00ee\u021bi trebuie \u0219i \u00een acela\u0219i timp te \u00eencurajeaz\u0103 s\u0103 devii un cet\u0103\u021bean activ.<\/p><p>Eurodesk nu este doar un alt serviciu online: partenerii\u00a0Eurodesk \u00eeti pot prezenta diversele oportunit\u0103\u021bi care \u021bi s-ar potrivi &#8211; \u00een cazul \u00een care \u00eeti dore\u0219ti s\u0103 studiezi, s\u0103 munce\u0219ti, s\u0103 participi la un schimb de tineri, s\u0103 fii voluntar european sau s\u0103 c\u0103l\u0103tore\u0219ti \u00eentr-o alt\u0103 \u021bar\u0103 european\u0103 \u2013 \u0219i \u00eeti vor ar\u0103ta care sunt urm\u0103torii pa\u0219i pe care trebuie s\u0103-i urmezi.<\/p><p>Baia Mare, Romania<\/p><p>Team for Youth Association &#8211; Multiplier<br \/>Vasile Lucaciu 55A, 430341 Baia Mare, Romania<br \/>Tel: +40740829607 e-mail: remus.pop@eurodesk.eu<\/p><p><a href=\"https:\/\/www.t4uth.ro\/\">https:\/\/www.t4uth.ro\/<\/a><\/p>\t\t\t\t\t\t\t\t<\/div>\n\t\t\t\t<\/div>\n\t\t\t\t\t<\/div>\n\t\t<\/div>\n\t\t\t\t<div class=\"elementor-column elementor-col-33 elementor-inner-column elementor-element elementor-element-5a46b5b\" data-id=\"5a46b5b\" data-element_type=\"column\" data-e-type=\"column\">\n\t\t\t<div class=\"elementor-widget-wrap elementor-element-populated\">\n\t\t\t\t\t\t<div class=\"elementor-element elementor-element-6d41972 elementor-widget elementor-widget-image\" data-id=\"6d41972\" data-element_type=\"widget\" data-e-type=\"widget\" data-widget_type=\"image.default\">\n\t\t\t\t<div class=\"elementor-widget-container\">\n\t\t\t\t\t\t\t\t\t\t\t\t\t\t\t<img loading=\"lazy\" decoding=\"async\" width=\"183\" height=\"46\" src=\"https:\/\/europedirectmaramures.cdimm.org\/europedirectmm\/wp-content\/uploads\/2021\/10\/5r.png\" class=\"attachment-large size-large wp-image-4067\" alt=\"\" \/>\t\t\t\t\t\t\t\t\t\t\t\t\t\t\t<\/div>\n\t\t\t\t<\/div>\n\t\t\t\t<div class=\"elementor-element elementor-element-5082f66 elementor-widget elementor-widget-image\" data-id=\"5082f66\" data-element_type=\"widget\" data-e-type=\"widget\" data-widget_type=\"image.default\">\n\t\t\t\t<div class=\"elementor-widget-container\">\n\t\t\t\t\t\t\t\t\t\t\t\t\t\t\t<img loading=\"lazy\" decoding=\"async\" width=\"225\" height=\"52\" src=\"https:\/\/europedirectmaramures.cdimm.org\/europedirectmm\/wp-content\/uploads\/2021\/10\/teamforyouth_2x.png\" class=\"attachment-large size-large wp-image-4068\" alt=\"\" \/>\t\t\t\t\t\t\t\t\t\t\t\t\t\t\t<\/div>\n\t\t\t\t<\/div>\n\t\t\t\t\t<\/div>\n\t\t<\/div>\n\t\t\t\t\t<\/div>\n\t\t<\/section>\n\t\t\t\t\t<\/div>\n\t\t<\/div>\n\t\t\t\t\t<\/div>\n\t\t<\/section>\n\t\t\t\t<\/div>\n\t\t","protected":false},"excerpt":{"rendered":"<p>Re\u021bele EU \u00een Regiunea NV Enterprise Europe Network \u2013 la UNIVERSITATEA TEHNIC\u0102 Cluj Napoca (www.utcluj.ro) Re\u021beaua \u00eentreprinderilor europene ajut\u0103 \u00eentreprinderile s\u0103 inoveze \u0219i s\u0103 se dezvolte la scar\u0103 interna\u021bional\u0103. Este cea mai mare re\u021bea de sprijin din lume pentru \u00eentreprinderile mici \u0219i mijlocii (IMM-uri) cu ambi\u021bii interna\u021bionale. Re\u021beaua este activ\u0103 \u00een peste 60 de \u021b\u0103ri [&hellip;]<\/p>\n","protected":false},"author":1,"featured_media":0,"parent":0,"menu_order":0,"comment_status":"open","ping_status":"closed","template":"elementor_header_footer","meta":{"footnotes":""},"class_list":["post-689","page","type-page","status-publish","hentry"],"_links":{"self":[{"href":"https:\/\/europedirectmaramures.cdimm.org\/index.php?rest_route=\/wp\/v2\/pages\/689","targetHints":{"allow":["GET"]}}],"collection":[{"href":"https:\/\/europedirectmaramures.cdimm.org\/index.php?rest_route=\/wp\/v2\/pages"}],"about":[{"href":"https:\/\/europedirectmaramures.cdimm.org\/index.php?rest_route=\/wp\/v2\/types\/page"}],"author":[{"embeddable":true,"href":"https:\/\/europedirectmaramures.cdimm.org\/index.php?rest_route=\/wp\/v2\/users\/1"}],"replies":[{"embeddable":true,"href":"https:\/\/europedirectmaramures.cdimm.org\/index.php?rest_route=%2Fwp%2Fv2%2Fcomments&post=689"}],"version-history":[{"count":144,"href":"https:\/\/europedirectmaramures.cdimm.org\/index.php?rest_route=\/wp\/v2\/pages\/689\/revisions"}],"predecessor-version":[{"id":4171,"href":"https:\/\/europedirectmaramures.cdimm.org\/index.php?rest_route=\/wp\/v2\/pages\/689\/revisions\/4171"}],"wp:attachment":[{"href":"https:\/\/europedirectmaramures.cdimm.org\/index.php?rest_route=%2Fwp%2Fv2%2Fmedia&parent=689"}],"curies":[{"name":"wp","href":"https:\/\/api.w.org\/{rel}","templated":true}]}}