{"id":1650,"date":"2021-04-29T22:19:50","date_gmt":"2021-04-29T20:19:50","guid":{"rendered":"https:\/\/europedirectmaramures.cdimm.org\/?page_id=1650"},"modified":"2024-08-13T12:30:48","modified_gmt":"2024-08-13T10:30:48","slug":"evenimente","status":"publish","type":"page","link":"https:\/\/europedirectmaramures.cdimm.org\/?page_id=1650","title":{"rendered":"Evenimente"},"content":{"rendered":"\t\t<div data-elementor-type=\"wp-page\" data-elementor-id=\"1650\" class=\"elementor elementor-1650\" data-elementor-post-type=\"page\">\n\t\t\t\t\t\t<section class=\"elementor-section elementor-top-section elementor-element elementor-element-2ffd7ee elementor-section-boxed elementor-section-height-default elementor-section-height-default\" data-id=\"2ffd7ee\" data-element_type=\"section\" data-e-type=\"section\">\n\t\t\t\t\t\t<div class=\"elementor-container elementor-column-gap-default\">\n\t\t\t\t\t<div class=\"elementor-column elementor-col-100 elementor-top-column elementor-element elementor-element-522a55c\" data-id=\"522a55c\" data-element_type=\"column\" data-e-type=\"column\">\n\t\t\t<div class=\"elementor-widget-wrap elementor-element-populated\">\n\t\t\t\t\t\t<div class=\"elementor-element elementor-element-fa9dbbb elementor-widget elementor-widget-heading\" data-id=\"fa9dbbb\" data-element_type=\"widget\" data-e-type=\"widget\" data-widget_type=\"heading.default\">\n\t\t\t\t<div class=\"elementor-widget-container\">\n\t\t\t\t\t<h2 class=\"elementor-heading-title elementor-size-default\">EVENIMENTE<\/h2>\t\t\t\t<\/div>\n\t\t\t\t<\/div>\n\t\t\t\t<div class=\"elementor-element elementor-element-fab09b0 elementor-grid-3 elementor-grid-tablet-2 elementor-grid-mobile-1 elementor-posts--thumbnail-top elementor-widget elementor-widget-posts\" data-id=\"fab09b0\" data-element_type=\"widget\" data-e-type=\"widget\" data-settings=\"{&quot;classic_masonry&quot;:&quot;yes&quot;,&quot;pagination_type&quot;:&quot;prev_next&quot;,&quot;classic_columns&quot;:&quot;3&quot;,&quot;classic_columns_tablet&quot;:&quot;2&quot;,&quot;classic_columns_mobile&quot;:&quot;1&quot;,&quot;classic_row_gap&quot;:{&quot;unit&quot;:&quot;px&quot;,&quot;size&quot;:35,&quot;sizes&quot;:[]},&quot;classic_row_gap_tablet&quot;:{&quot;unit&quot;:&quot;px&quot;,&quot;size&quot;:&quot;&quot;,&quot;sizes&quot;:[]},&quot;classic_row_gap_mobile&quot;:{&quot;unit&quot;:&quot;px&quot;,&quot;size&quot;:&quot;&quot;,&quot;sizes&quot;:[]}}\" data-widget_type=\"posts.classic\">\n\t\t\t\t<div class=\"elementor-widget-container\">\n\t\t\t\t\t\t\t<div class=\"elementor-posts-container elementor-posts elementor-posts--skin-classic elementor-grid\" role=\"list\">\n\t\t\t\t<article class=\"elementor-post elementor-grid-item post-10071 post type-post status-publish format-standard hentry category-evenimente category-noutati\" role=\"listitem\">\n\t\t\t\t<div class=\"elementor-post__text\">\n\t\t\t\t<h3 class=\"elementor-post__title\">\n\t\t\t<a href=\"https:\/\/europedirectmaramures.cdimm.org\/?p=10071\" >\n\t\t\t\tBanii UE \u00een comunitatea ta\t\t\t<\/a>\n\t\t<\/h3>\n\t\t\t\t<div class=\"elementor-post__meta-data\">\n\t\t\t\t\t<span class=\"elementor-post-date\">\n\t\t\t29\/04\/2026\t\t<\/span>\n\t\t\t\t<span class=\"elementor-post-avatar\">\n\t\t\tNo Comments\t\t<\/span>\n\t\t\t\t<\/div>\n\t\t\t\t<div class=\"elementor-post__excerpt\">\n\t\t\t<p>Mar\u021bi, 28 Aprilie 2026, Centrul EUROPE DIRECT Maramure\u0219 a desf\u0103\u0219urat o activitate \u00een cadrul proiectului \u201c\u00cenva\u021b\u0103 de la antreprenori\u201d ini\u021biat de Camera de Comer\u021b \u0219i<\/p>\n\t\t<\/div>\n\t\t\n\t\t<a class=\"elementor-post__read-more\" href=\"https:\/\/europedirectmaramures.cdimm.org\/?p=10071\" aria-label=\"Read more about Banii UE \u00een comunitatea ta\" tabindex=\"-1\" >\n\t\t\tRead More \u00bb\t\t<\/a>\n\n\t\t\t\t<\/div>\n\t\t\t\t<\/article>\n\t\t\t\t<article class=\"elementor-post elementor-grid-item post-10058 post type-post status-publish format-standard hentry category-evenimente category-noutati\" role=\"listitem\">\n\t\t\t\t<div class=\"elementor-post__text\">\n\t\t\t\t<h3 class=\"elementor-post__title\">\n\t\t\t<a href=\"https:\/\/europedirectmaramures.cdimm.org\/?p=10058\" >\n\t\t\t\tCybersafe \u2013 Tinerii contra atacurilor cibernetice\t\t\t<\/a>\n\t\t<\/h3>\n\t\t\t\t<div class=\"elementor-post__meta-data\">\n\t\t\t\t\t<span class=\"elementor-post-date\">\n\t\t\t27\/04\/2026\t\t<\/span>\n\t\t\t\t<span class=\"elementor-post-avatar\">\n\t\t\tNo Comments\t\t<\/span>\n\t\t\t\t<\/div>\n\t\t\t\t<div class=\"elementor-post__excerpt\">\n\t\t\t<p>Vineri, 24 aprilie, am discutat despre dezinformare \u0219i siguran\u021b\u0103 online al\u0103turi de elevii de la Liceul Tehnologic de Transporturi Baia Sprie. \u00cen cadrul prezent\u0103rii \u201eCybersafe<\/p>\n\t\t<\/div>\n\t\t\n\t\t<a class=\"elementor-post__read-more\" href=\"https:\/\/europedirectmaramures.cdimm.org\/?p=10058\" aria-label=\"Read more about Cybersafe \u2013 Tinerii contra atacurilor cibernetice\" tabindex=\"-1\" >\n\t\t\tRead More \u00bb\t\t<\/a>\n\n\t\t\t\t<\/div>\n\t\t\t\t<\/article>\n\t\t\t\t<article class=\"elementor-post elementor-grid-item post-10021 post type-post status-publish format-standard hentry category-evenimente category-noutati\" role=\"listitem\">\n\t\t\t\t<div class=\"elementor-post__text\">\n\t\t\t\t<h3 class=\"elementor-post__title\">\n\t\t\t<a href=\"https:\/\/europedirectmaramures.cdimm.org\/?p=10021\" >\n\t\t\t\tEUROPA APROAPE &#8211; Caravana de informare la Seini\t\t\t<\/a>\n\t\t<\/h3>\n\t\t\t\t<div class=\"elementor-post__meta-data\">\n\t\t\t\t\t<span class=\"elementor-post-date\">\n\t\t\t24\/04\/2026\t\t<\/span>\n\t\t\t\t<span class=\"elementor-post-avatar\">\n\t\t\tNo Comments\t\t<\/span>\n\t\t\t\t<\/div>\n\t\t\t\t<div class=\"elementor-post__excerpt\">\n\t\t\t<p>Joi, 23 Aprilie 2026, Centrul EUROPE DIRECT Maramure\u0219 a organizat \u00een Ora\u0219ul Seini, jud. Maramure\u0219, evenimentul \u201dEUROPA APROAPE &#8211; Caravana de informare\u201d, eveniment care sa<\/p>\n\t\t<\/div>\n\t\t\n\t\t<a class=\"elementor-post__read-more\" href=\"https:\/\/europedirectmaramures.cdimm.org\/?p=10021\" aria-label=\"Read more about EUROPA APROAPE &#8211; Caravana de informare la Seini\" tabindex=\"-1\" >\n\t\t\tRead More \u00bb\t\t<\/a>\n\n\t\t\t\t<\/div>\n\t\t\t\t<\/article>\n\t\t\t\t<article class=\"elementor-post elementor-grid-item post-9982 post type-post status-publish format-standard hentry category-evenimente category-noutati\" role=\"listitem\">\n\t\t\t\t<div class=\"elementor-post__text\">\n\t\t\t\t<h3 class=\"elementor-post__title\">\n\t\t\t<a href=\"https:\/\/europedirectmaramures.cdimm.org\/?p=9982\" >\n\t\t\t\tConstruim parteneriate pentru un viitor mai conectat!\t\t\t<\/a>\n\t\t<\/h3>\n\t\t\t\t<div class=\"elementor-post__meta-data\">\n\t\t\t\t\t<span class=\"elementor-post-date\">\n\t\t\t24\/04\/2026\t\t<\/span>\n\t\t\t\t<span class=\"elementor-post-avatar\">\n\t\t\tNo Comments\t\t<\/span>\n\t\t\t\t<\/div>\n\t\t\t\t<div class=\"elementor-post__excerpt\">\n\t\t\t<p>Prin participarea la o activitate Erasmus+, colegul nostru R\u0103zvan Manta reprezint\u0103 Centrul Europe Direct Maramure\u0219 \u00eentr-un context interna\u021bional dedicat cooper\u0103rii \u0219i dezvolt\u0103rii.Aceast\u0103 experien\u021b\u0103 ofer\u0103 oportunitatea<\/p>\n\t\t<\/div>\n\t\t\n\t\t<a class=\"elementor-post__read-more\" href=\"https:\/\/europedirectmaramures.cdimm.org\/?p=9982\" aria-label=\"Read more about Construim parteneriate pentru un viitor mai conectat!\" tabindex=\"-1\" >\n\t\t\tRead More \u00bb\t\t<\/a>\n\n\t\t\t\t<\/div>\n\t\t\t\t<\/article>\n\t\t\t\t<article class=\"elementor-post elementor-grid-item post-9954 post type-post status-publish format-standard hentry category-evenimente category-noutati\" role=\"listitem\">\n\t\t\t\t<div class=\"elementor-post__text\">\n\t\t\t\t<h3 class=\"elementor-post__title\">\n\t\t\t<a href=\"https:\/\/europedirectmaramures.cdimm.org\/?p=9954\" >\n\t\t\t\tAdunare General\u0103 a Re\u021belei EUROPE DRECT 2026\t\t\t<\/a>\n\t\t<\/h3>\n\t\t\t\t<div class=\"elementor-post__meta-data\">\n\t\t\t\t\t<span class=\"elementor-post-date\">\n\t\t\t03\/04\/2026\t\t<\/span>\n\t\t\t\t<span class=\"elementor-post-avatar\">\n\t\t\tNo Comments\t\t<\/span>\n\t\t\t\t<\/div>\n\t\t\t\t<div class=\"elementor-post__excerpt\">\n\t\t\t<p>Colegul nostru Radu Big, managerul proiectului EUROPE DIRECT Maramure\u0219 2026\u20132030, particip\u0103 \u00een aceste zile (11 &#8211; 12 Martie 2026) la Reuniunea General\u0103 a re\u021belei EUROPE<\/p>\n\t\t<\/div>\n\t\t\n\t\t<a class=\"elementor-post__read-more\" href=\"https:\/\/europedirectmaramures.cdimm.org\/?p=9954\" aria-label=\"Read more about Adunare General\u0103 a Re\u021belei EUROPE DRECT 2026\" tabindex=\"-1\" >\n\t\t\tRead More \u00bb\t\t<\/a>\n\n\t\t\t\t<\/div>\n\t\t\t\t<\/article>\n\t\t\t\t<article class=\"elementor-post elementor-grid-item post-9947 post type-post status-publish format-standard hentry category-evenimente category-noutati\" role=\"listitem\">\n\t\t\t\t<div class=\"elementor-post__text\">\n\t\t\t\t<h3 class=\"elementor-post__title\">\n\t\t\t<a href=\"https:\/\/europedirectmaramures.cdimm.org\/?p=9947\" >\n\t\t\t\tVocea Maramure\u0219ului s-a auzit la Bruxelles!\t\t\t<\/a>\n\t\t<\/h3>\n\t\t\t\t<div class=\"elementor-post__meta-data\">\n\t\t\t\t\t<span class=\"elementor-post-date\">\n\t\t\t03\/04\/2026\t\t<\/span>\n\t\t\t\t<span class=\"elementor-post-avatar\">\n\t\t\tNo Comments\t\t<\/span>\n\t\t\t\t<\/div>\n\t\t\t\t<div class=\"elementor-post__excerpt\">\n\t\t\t<p>Vocea Maramure\u0219ului s-a auzit la Bruxelles! Suntem bucuro\u0219i s\u0103 anun\u021b\u0103m c\u0103 Maramure\u0219ul a fost reprezentat la nivel european, \u00een cadrul unei dezbateri dedicate viitorului Uniunii<\/p>\n\t\t<\/div>\n\t\t\n\t\t<a class=\"elementor-post__read-more\" href=\"https:\/\/europedirectmaramures.cdimm.org\/?p=9947\" aria-label=\"Read more about Vocea Maramure\u0219ului s-a auzit la Bruxelles!\" tabindex=\"-1\" >\n\t\t\tRead More \u00bb\t\t<\/a>\n\n\t\t\t\t<\/div>\n\t\t\t\t<\/article>\n\t\t\t\t<article class=\"elementor-post elementor-grid-item post-9934 post type-post status-publish format-standard hentry category-evenimente category-noutati\" role=\"listitem\">\n\t\t\t\t<div class=\"elementor-post__text\">\n\t\t\t\t<h3 class=\"elementor-post__title\">\n\t\t\t<a href=\"https:\/\/europedirectmaramures.cdimm.org\/?p=9934\" >\n\t\t\t\tEuro Quiz 2026\t\t\t<\/a>\n\t\t<\/h3>\n\t\t\t\t<div class=\"elementor-post__meta-data\">\n\t\t\t\t\t<span class=\"elementor-post-date\">\n\t\t\t01\/04\/2026\t\t<\/span>\n\t\t\t\t<span class=\"elementor-post-avatar\">\n\t\t\tNo Comments\t\t<\/span>\n\t\t\t\t<\/div>\n\t\t\t\t<div class=\"elementor-post__excerpt\">\n\t\t\t<p>Reprezentan\u021ba Comisiei Europene \u00een Rom\u00e2nia, \u00een parteneriat cu Ministerul Educa\u021biei, organizeaz\u0103 edi\u021bia 2026 a Euro Quiz, concursul na\u021bional adresat elevilor din ciclul gimnazial, devenit un<\/p>\n\t\t<\/div>\n\t\t\n\t\t<a class=\"elementor-post__read-more\" href=\"https:\/\/europedirectmaramures.cdimm.org\/?p=9934\" aria-label=\"Read more about Euro Quiz 2026\" tabindex=\"-1\" >\n\t\t\tRead More \u00bb\t\t<\/a>\n\n\t\t\t\t<\/div>\n\t\t\t\t<\/article>\n\t\t\t\t<article class=\"elementor-post elementor-grid-item post-9917 post type-post status-publish format-standard hentry category-evenimente category-noutati\" role=\"listitem\">\n\t\t\t\t<div class=\"elementor-post__text\">\n\t\t\t\t<h3 class=\"elementor-post__title\">\n\t\t\t<a href=\"https:\/\/europedirectmaramures.cdimm.org\/?p=9917\" >\n\t\t\t\tS\u0103pt\u0103m\u00e2na EU \u00een \u0219coala mea\t\t\t<\/a>\n\t\t<\/h3>\n\t\t\t\t<div class=\"elementor-post__meta-data\">\n\t\t\t\t\t<span class=\"elementor-post-date\">\n\t\t\t01\/04\/2026\t\t<\/span>\n\t\t\t\t<span class=\"elementor-post-avatar\">\n\t\t\tNo Comments\t\t<\/span>\n\t\t\t\t<\/div>\n\t\t\t\t<div class=\"elementor-post__excerpt\">\n\t\t\t<p>S\u0103pt\u0103m\u00e2na altfel \u2013 \u0218coala Verde Azi, 31 Martie 2026, am fost al\u0103turi de elevii clasei a 7-a A de la \u0218coala Gimnazial\u0103 Avram Iancu din<\/p>\n\t\t<\/div>\n\t\t\n\t\t<a class=\"elementor-post__read-more\" href=\"https:\/\/europedirectmaramures.cdimm.org\/?p=9917\" aria-label=\"Read more about S\u0103pt\u0103m\u00e2na EU \u00een \u0219coala mea\" tabindex=\"-1\" >\n\t\t\tRead More \u00bb\t\t<\/a>\n\n\t\t\t\t<\/div>\n\t\t\t\t<\/article>\n\t\t\t\t<article class=\"elementor-post elementor-grid-item post-9912 post type-post status-publish format-standard hentry category-evenimente category-noutati\" role=\"listitem\">\n\t\t\t\t<div class=\"elementor-post__text\">\n\t\t\t\t<h3 class=\"elementor-post__title\">\n\t\t\t<a href=\"https:\/\/europedirectmaramures.cdimm.org\/?p=9912\" >\n\t\t\t\tBanii UE \u00een comunitatea ta\t\t\t<\/a>\n\t\t<\/h3>\n\t\t\t\t<div class=\"elementor-post__meta-data\">\n\t\t\t\t\t<span class=\"elementor-post-date\">\n\t\t\t01\/04\/2026\t\t<\/span>\n\t\t\t\t<span class=\"elementor-post-avatar\">\n\t\t\tNo Comments\t\t<\/span>\n\t\t\t\t<\/div>\n\t\t\t\t<div class=\"elementor-post__excerpt\">\n\t\t\t<p>Ruta Cultural\u0103 Carpatic\u0103 (Partea a II-a) Ruta Cultural\u0103 Carpatic\u0103 trece prin jude\u0163ul Maramure\u015f din Romania si regiunile Ivano-Frankivsk si Zakarpattia din Ucraina si va fi<\/p>\n\t\t<\/div>\n\t\t\n\t\t<a class=\"elementor-post__read-more\" href=\"https:\/\/europedirectmaramures.cdimm.org\/?p=9912\" aria-label=\"Read more about Banii UE \u00een comunitatea ta\" tabindex=\"-1\" >\n\t\t\tRead More \u00bb\t\t<\/a>\n\n\t\t\t\t<\/div>\n\t\t\t\t<\/article>\n\t\t\t\t<article class=\"elementor-post elementor-grid-item post-9905 post type-post status-publish format-standard hentry category-evenimente category-noutati\" role=\"listitem\">\n\t\t\t\t<div class=\"elementor-post__text\">\n\t\t\t\t<h3 class=\"elementor-post__title\">\n\t\t\t<a href=\"https:\/\/europedirectmaramures.cdimm.org\/?p=9905\" >\n\t\t\t\t8 MARTIE 2026\t\t\t<\/a>\n\t\t<\/h3>\n\t\t\t\t<div class=\"elementor-post__meta-data\">\n\t\t\t\t\t<span class=\"elementor-post-date\">\n\t\t\t08\/03\/2026\t\t<\/span>\n\t\t\t\t<span class=\"elementor-post-avatar\">\n\t\t\tNo Comments\t\t<\/span>\n\t\t\t\t<\/div>\n\t\t\t\t<div class=\"elementor-post__excerpt\">\n\t\t\t<p>\u00a0 \u00a0 TUTUROR DOAMNELOR \u0218I DOMNI\u0218OARELOR CENTRUL EUROPE DIRECT Maramure\u0219 le ureaz\u0103 LA MUL\u021aI ANI FERICI\u021aI!<\/p>\n\t\t<\/div>\n\t\t\n\t\t<a class=\"elementor-post__read-more\" href=\"https:\/\/europedirectmaramures.cdimm.org\/?p=9905\" aria-label=\"Read more about 8 MARTIE 2026\" tabindex=\"-1\" >\n\t\t\tRead More \u00bb\t\t<\/a>\n\n\t\t\t\t<\/div>\n\t\t\t\t<\/article>\n\t\t\t\t<article class=\"elementor-post elementor-grid-item post-9894 post type-post status-publish format-standard hentry category-evenimente category-noutati\" role=\"listitem\">\n\t\t\t\t<div class=\"elementor-post__text\">\n\t\t\t\t<h3 class=\"elementor-post__title\">\n\t\t\t<a href=\"https:\/\/europedirectmaramures.cdimm.org\/?p=9894\" >\n\t\t\t\tBanii UE \u00een comunitatea ta\t\t\t<\/a>\n\t\t<\/h3>\n\t\t\t\t<div class=\"elementor-post__meta-data\">\n\t\t\t\t\t<span class=\"elementor-post-date\">\n\t\t\t22\/02\/2026\t\t<\/span>\n\t\t\t\t<span class=\"elementor-post-avatar\">\n\t\t\tNo Comments\t\t<\/span>\n\t\t\t\t<\/div>\n\t\t\t\t<div class=\"elementor-post__excerpt\">\n\t\t\t<p>Ruta Cultural\u0103 Carpatic\u0103 (Partea I) Ruta Cultural\u0103 Carpatic\u0103 trece prin jude\u0163ul Maramure\u015f din Romania si regiunile Ivano-Frankivsk si Zakarpattia din Ucraina si va fi un<\/p>\n\t\t<\/div>\n\t\t\n\t\t<a class=\"elementor-post__read-more\" href=\"https:\/\/europedirectmaramures.cdimm.org\/?p=9894\" aria-label=\"Read more about Banii UE \u00een comunitatea ta\" tabindex=\"-1\" >\n\t\t\tRead More \u00bb\t\t<\/a>\n\n\t\t\t\t<\/div>\n\t\t\t\t<\/article>\n\t\t\t\t<article class=\"elementor-post elementor-grid-item post-9889 post type-post status-publish format-standard hentry category-evenimente category-noutati\" role=\"listitem\">\n\t\t\t\t<div class=\"elementor-post__text\">\n\t\t\t\t<h3 class=\"elementor-post__title\">\n\t\t\t<a href=\"https:\/\/europedirectmaramures.cdimm.org\/?p=9889\" >\n\t\t\t\tBanii UE \u00een comunitatea ta\t\t\t<\/a>\n\t\t<\/h3>\n\t\t\t\t<div class=\"elementor-post__meta-data\">\n\t\t\t\t\t<span class=\"elementor-post-date\">\n\t\t\t30\/01\/2026\t\t<\/span>\n\t\t\t\t<span class=\"elementor-post-avatar\">\n\t\t\tNo Comments\t\t<\/span>\n\t\t\t\t<\/div>\n\t\t\t\t<div class=\"elementor-post__excerpt\">\n\t\t\t<p>PARCURI DE SPECIALIZARE INTELIGENT\u0102 \u00een Maramure\u0219 Inaugur\u0103m ast\u0103zi o nou\u0103 activitate inclus\u0103 \u00een Planul de Comunicare 2026 a Centrului EUROPE DIRECT Maramure\u0219 \u201eBanii UE \u00een<\/p>\n\t\t<\/div>\n\t\t\n\t\t<a class=\"elementor-post__read-more\" href=\"https:\/\/europedirectmaramures.cdimm.org\/?p=9889\" aria-label=\"Read more about Banii UE \u00een comunitatea ta\" tabindex=\"-1\" >\n\t\t\tRead More \u00bb\t\t<\/a>\n\n\t\t\t\t<\/div>\n\t\t\t\t<\/article>\n\t\t\t\t<\/div>\n\t\t\n\t\t\t\t<div class=\"e-load-more-anchor\" data-page=\"1\" data-max-page=\"10\" data-next-page=\"https:\/\/europedirectmaramures.cdimm.org\/index.php?rest_route=%2Fwp%2Fv2%2Fpages%2F1650&#038;paged=2\"><\/div>\n\t\t\t\t<nav class=\"elementor-pagination\" aria-label=\"Pagination\">\n\t\t\t<span class=\"page-numbers prev\">&laquo; Previous<\/span>\n<a class=\"page-numbers next\" href=\"https:\/\/europedirectmaramures.cdimm.org\/index.php?rest_route=%2Fwp%2Fv2%2Fpages%2F1650&#038;paged=2\">Next &raquo;<\/a>\t\t<\/nav>\n\t\t\t\t\t\t<\/div>\n\t\t\t\t<\/div>\n\t\t\t\t\t<\/div>\n\t\t<\/div>\n\t\t\t\t\t<\/div>\n\t\t<\/section>\n\t\t\t\t<\/div>\n\t\t","protected":false},"excerpt":{"rendered":"<p>EVENIMENTE<\/p>\n","protected":false},"author":1,"featured_media":0,"parent":117,"menu_order":5,"comment_status":"closed","ping_status":"closed","template":"elementor_header_footer","meta":{"footnotes":""},"class_list":["post-1650","page","type-page","status-publish","hentry"],"_links":{"self":[{"href":"https:\/\/europedirectmaramures.cdimm.org\/index.php?rest_route=\/wp\/v2\/pages\/1650","targetHints":{"allow":["GET"]}}],"collection":[{"href":"https:\/\/europedirectmaramures.cdimm.org\/index.php?rest_route=\/wp\/v2\/pages"}],"about":[{"href":"https:\/\/europedirectmaramures.cdimm.org\/index.php?rest_route=\/wp\/v2\/types\/page"}],"author":[{"embeddable":true,"href":"https:\/\/europedirectmaramures.cdimm.org\/index.php?rest_route=\/wp\/v2\/users\/1"}],"replies":[{"embeddable":true,"href":"https:\/\/europedirectmaramures.cdimm.org\/index.php?rest_route=%2Fwp%2Fv2%2Fcomments&post=1650"}],"version-history":[{"count":28,"href":"https:\/\/europedirectmaramures.cdimm.org\/index.php?rest_route=\/wp\/v2\/pages\/1650\/revisions"}],"predecessor-version":[{"id":3110,"href":"https:\/\/europedirectmaramures.cdimm.org\/index.php?rest_route=\/wp\/v2\/pages\/1650\/revisions\/3110"}],"up":[{"embeddable":true,"href":"https:\/\/europedirectmaramures.cdimm.org\/index.php?rest_route=\/wp\/v2\/pages\/117"}],"wp:attachment":[{"href":"https:\/\/europedirectmaramures.cdimm.org\/index.php?rest_route=%2Fwp%2Fv2%2Fmedia&parent=1650"}],"curies":[{"name":"wp","href":"https:\/\/api.w.org\/{rel}","templated":true}]}}